{"id":1895,"date":"2022-06-01T08:44:29","date_gmt":"2022-06-01T08:44:29","guid":{"rendered":"https:\/\/www.treetz.eu\/ufaq\/ce-date-personale-sunt-colectate-si-cum\/"},"modified":"2025-03-12T12:24:49","modified_gmt":"2025-03-12T12:24:49","slug":"ce-date-personale-sunt-colectate-si-cum","status":"publish","type":"ufaq","link":"https:\/\/www.treetz.eu\/ro\/ufaq\/ce-date-personale-sunt-colectate-si-cum\/","title":{"rendered":"Ce date personale sunt colectate \u0219i cum?"},"content":{"rendered":"<div  class=\"ewd-ufaq-faq-list ewd-ufaq-page-type-distinct ewd-ufaq-category-tabs-\" id='ewd-ufaq-faq-list'>\n\n\t<input type='hidden' name='show_on_load' value='' id='ewd-ufaq-show-on-load' \/>\n<input type='hidden' name='include_category' value='' id='ewd-ufaq-include-category' \/>\n<input type='hidden' name='exclude_category' value='' id='ewd-ufaq-exclude-category' \/>\n<input type='hidden' name='orderby' value='modified' id='ewd-ufaq-orderby' \/>\n<input type='hidden' name='order' value='asc' id='ewd-ufaq-order' \/>\n<input type='hidden' name='post_count' value='-1' id='ewd-ufaq-post-count' \/>\n<input type='hidden' name='current_url' value='\/ro\/wp-json\/wp\/v2\/ufaq\/1895' id='ewd-ufaq-current-url' \/>\n\t\n\t\n\t<div class='ewd-ufaq-faqs'>\n\n\t\t<div  class=\"ewd-ufaq-faq-div ewd-ufaq-faq-column-count-one ewd-ufaq-faq-responsive-columns- ewd-ufaq-faq-display-style-default ewd-ufaq-can-be-toggled\" id='ewd-ufaq-post-1895-leHOwYmXQN' data-post_id='1895'>\n\n\t\t\n\t<div class='ewd-ufaq-faq-title ewd-ufaq-faq-toggle'>\n\t\n\t<a class='ewd-ufaq-post-margin'  href='#' role=\"button\">\n\n\t\t<div class='ewd-ufaq-post-margin-symbol ewd-ufaq-'>\n\t\t\t<span >B<\/span>\n\t\t<\/div>\n\n\t\t<div class='ewd-ufaq-faq-title-text'>\n\n\t\t\t<h4>\n\t\t\t\tCe date personale sunt colectate \u0219i cum?\t\t\t<\/h4>\n\n\t\t<\/div>\n\n\t\t<div class='ewd-ufaq-clear'><\/div>\n\n\t<\/a>\n\t\n<\/div>\n\t\n\t<div class='ewd-ufaq-faq-body' >\n\n\t\t\n\t\t\t\n\t\t\n\t\t\t<div class='ewd-ufaq-post-margin ewd-ufaq-faq-post'>\n\t\n<p>C\u00e2nd te \u00eenregistrezi la Treetz, este posibil s\u0103 \u00ee\u021bi cerem informa\u021bii care sunt necesare, adecvate, propor\u021bionale \u0219i legitime pentru scopul pentru care sunt colectate. Vei fi informat cu privire la scopul colect\u0103rii, modul \u00een care vom utiliza informa\u021biile tale, dac\u0103 cererea ta este obligatorie sau op\u021bional\u0103 \u0219i posibilele consecin\u021be ale necomplet\u0103rii <br \/><br \/>Informa\u021biile personale pe care le colect\u0103m:<\/p>\n\n<ul class=\"wp-block-list\"><li>Treetz colecteaz\u0103 anumite informa\u021bii personale atunci c\u00e2nd ne furnizezi voluntar astfel de informa\u021bii, inclusiv: nume, adres\u0103 de email, \u021bar\u0103, adres\u0103 po\u0219tal\u0103, detalii bancare. De asemenea, colect\u0103m informa\u021bii atunci c\u00e2nd la\u0219i un comentariu despre un produs. <\/li><li>Colect\u0103m informa\u021bii din bonurile pe care ni le trimiti, cum ar fi produsele pe care le-ai cump\u0103rat, pre\u021bul acestora, suma total\u0103 datorat\u0103, detaliile bonului \u0219i magazinul care a emis bonul. De asemenea, colect\u0103m o fotografie a bonurilor pe care ni le trimi\u021bi. <\/li><li>Este posibil s\u0103 colect\u0103m, de asemenea, date din utilizarea aplica\u021biei, care ne permit s\u0103 determin\u0103m loca\u021bia ta (de exemplu, unde po\u021bi scana o dovad\u0103 de achizi\u021bie). Aceste informa\u021bii despre loca\u021bia ta sunt colectate \u00een scopuri de prevenire a fraudelor, pentru a opera \u0219i \u00eembun\u0103t\u0103\u021bi aplica\u021bia. <\/li><\/ul>\n<\/div>\n\t\t\n\t\t\t\n\t\t\n\t\t\t\n\t\t\n\t\t\t\n\t\t\n\t\t\t\n\t\t\n\t\t\t\n\t\t\n\t\t\t\n\t\t\n\t\t\t\n\t\t\n\t\t\t\n\t\t\n\t<\/div>\n\n<\/div>\n\t<\/div>\n\n\t\n<\/div>","protected":false},"excerpt":{"rendered":"<p>B Ce date personale sunt colectate \u0219i cum? C\u00e2nd te \u00eenregistrezi la Treetz, este posibil s\u0103 \u00ee\u021bi cerem informa\u021bii care sunt necesare, adecvate, propor\u021bionale \u0219i legitime pentru scopul pentru care sunt colectate. Vei fi informat cu privire la scopul colect\u0103rii, modul \u00een care vom utiliza informa\u021biile tale, dac\u0103 cererea ta este obligatorie sau op\u021bional\u0103 \u0219i [&hellip;]<\/p>\n","protected":false},"author":1,"featured_media":0,"comment_status":"open","ping_status":"closed","template":"","ufaq-category":[244],"ufaq-tag":[],"class_list":["post-1895","ufaq","type-ufaq","status-publish","hentry","ufaq-category-date"],"acf":[],"yoast_head":"<!-- This site is optimized with the Yoast SEO plugin v27.5 - https:\/\/yoast.com\/product\/yoast-seo-wordpress\/ -->\n<title>Ce date personale sunt colectate \u0219i cum? - treetz<\/title>\n<meta name=\"robots\" content=\"index, follow, max-snippet:-1, max-image-preview:large, max-video-preview:-1\" \/>\n<link rel=\"canonical\" href=\"https:\/\/www.treetz.eu\/ro\/ufaq\/ce-date-personale-sunt-colectate-si-cum\/\" \/>\n<meta property=\"og:locale\" content=\"ro_RO\" \/>\n<meta property=\"og:type\" content=\"article\" \/>\n<meta property=\"og:title\" content=\"Ce date personale sunt colectate \u0219i cum? - treetz\" \/>\n<meta property=\"og:description\" content=\"B Ce date personale sunt colectate \u0219i cum? C\u00e2nd te \u00eenregistrezi la Treetz, este posibil s\u0103 \u00ee\u021bi cerem informa\u021bii care sunt necesare, adecvate, propor\u021bionale \u0219i legitime pentru scopul pentru care sunt colectate. Vei fi informat cu privire la scopul colect\u0103rii, modul \u00een care vom utiliza informa\u021biile tale, dac\u0103 cererea ta este obligatorie sau op\u021bional\u0103 \u0219i [&hellip;]\" \/>\n<meta property=\"og:url\" content=\"https:\/\/www.treetz.eu\/ro\/ufaq\/ce-date-personale-sunt-colectate-si-cum\/\" \/>\n<meta property=\"og:site_name\" content=\"treetz\" \/>\n<meta property=\"article:modified_time\" content=\"2025-03-12T12:24:49+00:00\" \/>\n<meta name=\"twitter:card\" content=\"summary_large_image\" \/>\n<meta name=\"twitter:label1\" content=\"Est. reading time\" \/>\n\t<meta name=\"twitter:data1\" content=\"1 minut\" \/>\n<script type=\"application\/ld+json\" class=\"yoast-schema-graph\">{\"@context\":\"https:\\\/\\\/schema.org\",\"@graph\":[{\"@type\":\"WebPage\",\"@id\":\"https:\\\/\\\/www.treetz.eu\\\/ro\\\/ufaq\\\/ce-date-personale-sunt-colectate-si-cum\\\/\",\"url\":\"https:\\\/\\\/www.treetz.eu\\\/ro\\\/ufaq\\\/ce-date-personale-sunt-colectate-si-cum\\\/\",\"name\":\"Ce date personale sunt colectate \u0219i cum? - treetz\",\"isPartOf\":{\"@id\":\"https:\\\/\\\/www.treetz.eu\\\/#website\"},\"datePublished\":\"2022-06-01T08:44:29+00:00\",\"dateModified\":\"2025-03-12T12:24:49+00:00\",\"breadcrumb\":{\"@id\":\"https:\\\/\\\/www.treetz.eu\\\/ro\\\/ufaq\\\/ce-date-personale-sunt-colectate-si-cum\\\/#breadcrumb\"},\"inLanguage\":\"ro-RO\",\"potentialAction\":[{\"@type\":\"ReadAction\",\"target\":[\"https:\\\/\\\/www.treetz.eu\\\/ro\\\/ufaq\\\/ce-date-personale-sunt-colectate-si-cum\\\/\"]}]},{\"@type\":\"BreadcrumbList\",\"@id\":\"https:\\\/\\\/www.treetz.eu\\\/ro\\\/ufaq\\\/ce-date-personale-sunt-colectate-si-cum\\\/#breadcrumb\",\"itemListElement\":[{\"@type\":\"ListItem\",\"position\":1,\"name\":\"Accueil\",\"item\":\"https:\\\/\\\/www.treetz.eu\\\/ro\\\/\"},{\"@type\":\"ListItem\",\"position\":2,\"name\":\"FAQs\",\"item\":\"https:\\\/\\\/www.treetz.eu\\\/sl\\\/ufaq\\\/\"},{\"@type\":\"ListItem\",\"position\":3,\"name\":\"Ce date personale sunt colectate \u0219i cum?\"}]},{\"@type\":\"WebSite\",\"@id\":\"https:\\\/\\\/www.treetz.eu\\\/#website\",\"url\":\"https:\\\/\\\/www.treetz.eu\\\/\",\"name\":\"treetz\",\"description\":\"\",\"potentialAction\":[{\"@type\":\"SearchAction\",\"target\":{\"@type\":\"EntryPoint\",\"urlTemplate\":\"https:\\\/\\\/www.treetz.eu\\\/?s={search_term_string}\"},\"query-input\":{\"@type\":\"PropertyValueSpecification\",\"valueRequired\":true,\"valueName\":\"search_term_string\"}}],\"inLanguage\":\"ro-RO\"}]}<\/script>\n<!-- \/ Yoast SEO plugin. -->","yoast_head_json":{"title":"Ce date personale sunt colectate \u0219i cum? - treetz","robots":{"index":"index","follow":"follow","max-snippet":"max-snippet:-1","max-image-preview":"max-image-preview:large","max-video-preview":"max-video-preview:-1"},"canonical":"https:\/\/www.treetz.eu\/ro\/ufaq\/ce-date-personale-sunt-colectate-si-cum\/","og_locale":"ro_RO","og_type":"article","og_title":"Ce date personale sunt colectate \u0219i cum? - treetz","og_description":"B Ce date personale sunt colectate \u0219i cum? C\u00e2nd te \u00eenregistrezi la Treetz, este posibil s\u0103 \u00ee\u021bi cerem informa\u021bii care sunt necesare, adecvate, propor\u021bionale \u0219i legitime pentru scopul pentru care sunt colectate. Vei fi informat cu privire la scopul colect\u0103rii, modul \u00een care vom utiliza informa\u021biile tale, dac\u0103 cererea ta este obligatorie sau op\u021bional\u0103 \u0219i [&hellip;]","og_url":"https:\/\/www.treetz.eu\/ro\/ufaq\/ce-date-personale-sunt-colectate-si-cum\/","og_site_name":"treetz","article_modified_time":"2025-03-12T12:24:49+00:00","twitter_card":"summary_large_image","twitter_misc":{"Est. reading time":"1 minut"},"schema":{"@context":"https:\/\/schema.org","@graph":[{"@type":"WebPage","@id":"https:\/\/www.treetz.eu\/ro\/ufaq\/ce-date-personale-sunt-colectate-si-cum\/","url":"https:\/\/www.treetz.eu\/ro\/ufaq\/ce-date-personale-sunt-colectate-si-cum\/","name":"Ce date personale sunt colectate \u0219i cum? - treetz","isPartOf":{"@id":"https:\/\/www.treetz.eu\/#website"},"datePublished":"2022-06-01T08:44:29+00:00","dateModified":"2025-03-12T12:24:49+00:00","breadcrumb":{"@id":"https:\/\/www.treetz.eu\/ro\/ufaq\/ce-date-personale-sunt-colectate-si-cum\/#breadcrumb"},"inLanguage":"ro-RO","potentialAction":[{"@type":"ReadAction","target":["https:\/\/www.treetz.eu\/ro\/ufaq\/ce-date-personale-sunt-colectate-si-cum\/"]}]},{"@type":"BreadcrumbList","@id":"https:\/\/www.treetz.eu\/ro\/ufaq\/ce-date-personale-sunt-colectate-si-cum\/#breadcrumb","itemListElement":[{"@type":"ListItem","position":1,"name":"Accueil","item":"https:\/\/www.treetz.eu\/ro\/"},{"@type":"ListItem","position":2,"name":"FAQs","item":"https:\/\/www.treetz.eu\/sl\/ufaq\/"},{"@type":"ListItem","position":3,"name":"Ce date personale sunt colectate \u0219i cum?"}]},{"@type":"WebSite","@id":"https:\/\/www.treetz.eu\/#website","url":"https:\/\/www.treetz.eu\/","name":"treetz","description":"","potentialAction":[{"@type":"SearchAction","target":{"@type":"EntryPoint","urlTemplate":"https:\/\/www.treetz.eu\/?s={search_term_string}"},"query-input":{"@type":"PropertyValueSpecification","valueRequired":true,"valueName":"search_term_string"}}],"inLanguage":"ro-RO"}]}},"_links":{"self":[{"href":"https:\/\/www.treetz.eu\/ro\/wp-json\/wp\/v2\/ufaq\/1895","targetHints":{"allow":["GET"]}}],"collection":[{"href":"https:\/\/www.treetz.eu\/ro\/wp-json\/wp\/v2\/ufaq"}],"about":[{"href":"https:\/\/www.treetz.eu\/ro\/wp-json\/wp\/v2\/types\/ufaq"}],"author":[{"embeddable":true,"href":"https:\/\/www.treetz.eu\/ro\/wp-json\/wp\/v2\/users\/1"}],"replies":[{"embeddable":true,"href":"https:\/\/www.treetz.eu\/ro\/wp-json\/wp\/v2\/comments?post=1895"}],"wp:attachment":[{"href":"https:\/\/www.treetz.eu\/ro\/wp-json\/wp\/v2\/media?parent=1895"}],"wp:term":[{"taxonomy":"ufaq-category","embeddable":true,"href":"https:\/\/www.treetz.eu\/ro\/wp-json\/wp\/v2\/ufaq-category?post=1895"},{"taxonomy":"ufaq-tag","embeddable":true,"href":"https:\/\/www.treetz.eu\/ro\/wp-json\/wp\/v2\/ufaq-tag?post=1895"}],"curies":[{"name":"wp","href":"https:\/\/api.w.org\/{rel}","templated":true}]}}